{"id":58,"date":"2016-06-26T10:42:12","date_gmt":"2016-06-26T08:42:12","guid":{"rendered":"http:\/\/www.sonnenhof-gramais.at\/wordpress\/?page_id=58"},"modified":"2025-06-04T09:28:29","modified_gmt":"2025-06-04T07:28:29","slug":"sonnenhofprodukte","status":"publish","type":"page","link":"https:\/\/www.sonnenhof-gramais.at\/wordpress\/?page_id=58","title":{"rendered":"Hildegard&#8217;s Gramaiser Kr\u00e4uterprodukte"},"content":{"rendered":"<p>&nbsp;<\/p>\n\n\t\t<style type=\"text\/css\">\n\t\t\t#gallery-1 {\n\t\t\t\tmargin: auto;\n\t\t\t}\n\t\t\t#gallery-1 .gallery-item {\n\t\t\t\tfloat: left;\n\t\t\t\tmargin-top: 10px;\n\t\t\t\ttext-align: center;\n\t\t\t\twidth: 33%;\n\t\t\t}\n\t\t\t#gallery-1 img {\n\t\t\t\tborder: 2px solid #cfcfcf;\n\t\t\t}\n\t\t\t#gallery-1 .gallery-caption {\n\t\t\t\tmargin-left: 0;\n\t\t\t}\n\t\t\t\/* see gallery_shortcode() in wp-includes\/media.php *\/\n\t\t<\/style>\n\t\t<div id='gallery-1' class='gallery galleryid-58 gallery-columns-3 gallery-size-thumbnail'><dl class='gallery-item'>\n\t\t\t<dt class='gallery-icon landscape'>\n\t\t\t\t<a href='https:\/\/www.sonnenhof-gramais.at\/wordpress\/?attachment_id=34'><img loading=\"lazy\" decoding=\"async\" width=\"150\" height=\"150\" src=\"https:\/\/www.sonnenhof-gramais.at\/wordpress\/wp-content\/uploads\/2016\/06\/produkte1-150x150.jpg\" class=\"attachment-thumbnail size-thumbnail\" alt=\"\" aria-describedby=\"gallery-1-34\" srcset=\"https:\/\/www.sonnenhof-gramais.at\/wordpress\/wp-content\/uploads\/2016\/06\/produkte1-150x150.jpg 150w, https:\/\/www.sonnenhof-gramais.at\/wordpress\/wp-content\/uploads\/2016\/06\/produkte1-100x100.jpg 100w, https:\/\/www.sonnenhof-gramais.at\/wordpress\/wp-content\/uploads\/2016\/06\/produkte1-50x50.jpg 50w\" sizes=\"auto, (max-width: 150px) 100vw, 150px\" \/><\/a>\n\t\t\t<\/dt>\n\t\t\t\t<dd class='wp-caption-text gallery-caption' id='gallery-1-34'>\n\t\t\t\tLatschenkiefer- und Wei\u00df-Tannen\u00f6l\n\t\t\t\t<\/dd><\/dl><dl class='gallery-item'>\n\t\t\t<dt class='gallery-icon landscape'>\n\t\t\t\t<a href='https:\/\/www.sonnenhof-gramais.at\/wordpress\/?attachment_id=35'><img loading=\"lazy\" decoding=\"async\" width=\"150\" height=\"150\" src=\"https:\/\/www.sonnenhof-gramais.at\/wordpress\/wp-content\/uploads\/2016\/06\/produkte2-150x150.jpg\" class=\"attachment-thumbnail size-thumbnail\" alt=\"\" aria-describedby=\"gallery-1-35\" srcset=\"https:\/\/www.sonnenhof-gramais.at\/wordpress\/wp-content\/uploads\/2016\/06\/produkte2-150x150.jpg 150w, https:\/\/www.sonnenhof-gramais.at\/wordpress\/wp-content\/uploads\/2016\/06\/produkte2-100x100.jpg 100w, https:\/\/www.sonnenhof-gramais.at\/wordpress\/wp-content\/uploads\/2016\/06\/produkte2-50x50.jpg 50w\" sizes=\"auto, (max-width: 150px) 100vw, 150px\" \/><\/a>\n\t\t\t<\/dt>\n\t\t\t\t<dd class='wp-caption-text gallery-caption' id='gallery-1-35'>\n\t\t\t\tZirben\u00f6l\n\t\t\t\t<\/dd><\/dl><dl class='gallery-item'>\n\t\t\t<dt class='gallery-icon landscape'>\n\t\t\t\t<a href='https:\/\/www.sonnenhof-gramais.at\/wordpress\/?attachment_id=36'><img loading=\"lazy\" decoding=\"async\" width=\"150\" height=\"150\" src=\"https:\/\/www.sonnenhof-gramais.at\/wordpress\/wp-content\/uploads\/2016\/06\/produkte3-150x150.jpg\" class=\"attachment-thumbnail size-thumbnail\" alt=\"\" aria-describedby=\"gallery-1-36\" srcset=\"https:\/\/www.sonnenhof-gramais.at\/wordpress\/wp-content\/uploads\/2016\/06\/produkte3-150x150.jpg 150w, https:\/\/www.sonnenhof-gramais.at\/wordpress\/wp-content\/uploads\/2016\/06\/produkte3-100x100.jpg 100w, https:\/\/www.sonnenhof-gramais.at\/wordpress\/wp-content\/uploads\/2016\/06\/produkte3-50x50.jpg 50w\" sizes=\"auto, (max-width: 150px) 100vw, 150px\" \/><\/a>\n\t\t\t<\/dt>\n\t\t\t\t<dd class='wp-caption-text gallery-caption' id='gallery-1-36'>\n\t\t\t\tZirbenkissen\n\t\t\t\t<\/dd><\/dl><br style=\"clear: both\" \/>\n\t\t<\/div>\n\n<p>&nbsp;<\/p>\n<ul>\n<li>Salben<\/li>\n<li>Tinkturen<\/li>\n<li>\u00d6le<\/li>\n<li>Kr\u00e4uter f\u00fcr K\u00fcche<\/li>\n<li>Essige &amp; Speise\u00f6le<\/li>\n<li>Duft- &amp; Kr\u00e4uterkissen<\/li>\n<li>Zirbenprodukte<\/li>\n<li>Produkte aus Latschenkiefer &amp; Wei\u00dftanne<\/li>\n<\/ul>\n","protected":false},"excerpt":{"rendered":"<p>&nbsp; &nbsp; Salben Tinkturen \u00d6le Kr\u00e4uter f\u00fcr K\u00fcche Essige &amp; Speise\u00f6le Duft- &amp; Kr\u00e4uterkissen Zirbenprodukte Produkte aus Latschenkiefer &amp; Wei\u00dftanne<\/p>\n","protected":false},"author":1,"featured_media":0,"parent":0,"menu_order":0,"comment_status":"closed","ping_status":"closed","template":"page-full-width.php","meta":{"footnotes":""},"class_list":["post-58","page","type-page","status-publish","hentry"],"_links":{"self":[{"href":"https:\/\/www.sonnenhof-gramais.at\/wordpress\/index.php?rest_route=\/wp\/v2\/pages\/58","targetHints":{"allow":["GET"]}}],"collection":[{"href":"https:\/\/www.sonnenhof-gramais.at\/wordpress\/index.php?rest_route=\/wp\/v2\/pages"}],"about":[{"href":"https:\/\/www.sonnenhof-gramais.at\/wordpress\/index.php?rest_route=\/wp\/v2\/types\/page"}],"author":[{"embeddable":true,"href":"https:\/\/www.sonnenhof-gramais.at\/wordpress\/index.php?rest_route=\/wp\/v2\/users\/1"}],"replies":[{"embeddable":true,"href":"https:\/\/www.sonnenhof-gramais.at\/wordpress\/index.php?rest_route=%2Fwp%2Fv2%2Fcomments&post=58"}],"version-history":[{"count":12,"href":"https:\/\/www.sonnenhof-gramais.at\/wordpress\/index.php?rest_route=\/wp\/v2\/pages\/58\/revisions"}],"predecessor-version":[{"id":500,"href":"https:\/\/www.sonnenhof-gramais.at\/wordpress\/index.php?rest_route=\/wp\/v2\/pages\/58\/revisions\/500"}],"wp:attachment":[{"href":"https:\/\/www.sonnenhof-gramais.at\/wordpress\/index.php?rest_route=%2Fwp%2Fv2%2Fmedia&parent=58"}],"curies":[{"name":"wp","href":"https:\/\/api.w.org\/{rel}","templated":true}]}}